{"id":4784,"date":"2023-07-05T10:49:20","date_gmt":"2023-07-05T14:49:20","guid":{"rendered":"https:\/\/www.amom.net\/about-amom\/"},"modified":"2025-03-03T11:01:00","modified_gmt":"2025-03-03T16:01:00","slug":"about-amom","status":"publish","type":"page","link":"https:\/\/www.amom.net\/en\/about-amom\/","title":{"rendered":"About us"},"content":{"rendered":"\t\t<div data-elementor-type=\"wp-page\" data-elementor-id=\"4784\" class=\"elementor elementor-4784 elementor-1715\" data-elementor-post-type=\"page\">\n\t\t\t\t\t\t<section data-particle_enable=\"false\" data-particle-mobile-disabled=\"false\" class=\"elementor-section elementor-top-section elementor-element elementor-element-56466e2 elementor-section-boxed elementor-section-height-default elementor-section-height-default\" data-id=\"56466e2\" data-element_type=\"section\">\n\t\t\t\t\t\t<div class=\"elementor-container elementor-column-gap-default\">\n\t\t\t\t\t<div class=\"elementor-column elementor-col-100 elementor-top-column elementor-element elementor-element-4724f99\" data-id=\"4724f99\" data-element_type=\"column\">\n\t\t\t<div class=\"elementor-widget-wrap elementor-element-populated\">\n\t\t\t\t\n\n\n\n\t\t<div class=\"elementor-element elementor-element-2a8c637 elementor-widget elementor-widget-wysiwyg_oktane\" data-id=\"2a8c637\" data-element_type=\"widget\" data-widget_type=\"wysiwyg_oktane.default\">\n\t\t\t\t<div class=\"elementor-widget-container\">\n\t\t\t\t\t\t\t<div class=\"wysiwyg\"\n        >\n            <div class=\"page-section page-section__wrapper\">\n                <div class=\"wysiwyg__wrapper\">\n                    <div class=\"wysiwyg__content wp-content\">\n                        <h2>The first Association of General Practitioners in Quebec<\/h2><p>The Association of General Practitioners of Montreal (AMOM), the very first association of general practitioners in Quebec, was founded in 1961. Today, we are one of the 18 associations affiliated with the F\u00e9d\u00e9ration des m\u00e9decins omnipraticiens du Qu\u00e9bec (FMOQ).<\/p><p>We represent over 2,300 physicians in the Montreal region. Our members practice in various settings, including Family Medicine Groups (GMF), Family Medicine Group with a teaching mission (GMF-R), Family Medicine Group in a university setting (GMF-U), CLSC (Local Community Service Centers), emergency departments, healthcare facilities, public health, long-term care facilities (CHSLD), and more.<\/p>                    <\/div>\n                <\/div>\n            <\/div>\n\t\t<\/div>\n\t\t\t\t\t\t<\/div>\n\t\t\t\t<\/div>\n\t\t\t\t<div class=\"elementor-element elementor-element-c524921 elementor-widget elementor-widget-wysiwyg_oktane\" data-id=\"c524921\" data-element_type=\"widget\" data-widget_type=\"wysiwyg_oktane.default\">\n\t\t\t\t<div class=\"elementor-widget-container\">\n\t\t\t\t\t\t\t<div class=\"wysiwyg\"\n        >\n            <div class=\"page-section page-section__wrapper\">\n                <div class=\"wysiwyg__wrapper\">\n                    <div class=\"wysiwyg__content wp-content\">\n                        <h2>The AMOM within the FMOQ<\/h2><p>The Council is the decision-making body of the FMOQ. Each of the 19 affiliated associations is represented by a delegation, the number of members of which is determined based on the total number of its members in good standing with the representation model established by the FMOQ.<\/p><p>The AMOM currently has 29 delegates on the FMOQ Council, out of a total of 154.<\/p><p>Always attentive to the suggestions or proposals of its members, the AMOM acts as a true spokesperson for them, aiming to represent their interests to the best of its ability with various institutions.<\/p><p>The mandates and responsibilities of the AMOM are assumed by the Board of Directors, composed of nine (9) members. They are elected every two (2) years during the Association's general assembly.<\/p>                    <\/div>\n                <\/div>\n            <\/div>\n\t\t<\/div>\n\t\t\t\t\t\t<\/div>\n\t\t\t\t<\/div>\n\t\t\t\t<div class=\"elementor-element elementor-element-da62a91 elementor-widget elementor-widget-wysiwyg_oktane\" data-id=\"da62a91\" data-element_type=\"widget\" data-widget_type=\"wysiwyg_oktane.default\">\n\t\t\t\t<div class=\"elementor-widget-container\">\n\t\t\t\t\t\t\t<div class=\"wysiwyg\"\n        >\n            <div class=\"page-section page-section__wrapper\">\n                <div class=\"wysiwyg__wrapper\">\n                    <div class=\"wysiwyg__content wp-content\">\n                        <h2>The AMOM Bylaws<\/h2><p>The bylaws establish the operating rules for the Association. They facilitate the establishment of the mechanisms necessary for the pursuit of the Association's mission, which include the study, defense, and development of the economic, social, moral, and scientific interests of its members as well as the development of family medicine in Montreal.<\/p><p style=\"font-weight: 400;\">The mandates and responsibilities of the AMOM are assumed by the Board of Directors, consisting of nine (9) members. They are elected every two (2) years during the Association's general assembly.<\/p><p>You can view them <a href=\"https:\/\/www.amom.net\/wp-content\/uploads\/2023\/11\/Statuts-et-reglements-AMOM-2023-VF-Adoptes-AGA.pdf\" target=\"_blank\" rel=\"noopener\">here.<\/a><\/p>                    <\/div>\n                <\/div>\n            <\/div>\n\t\t<\/div>\n\t\t\t\t\t\t<\/div>\n\t\t\t\t<\/div>\n\t\t\t\t<div class=\"elementor-element elementor-element-27b895a elementor-widget elementor-widget-wysiwyg_oktane\" data-id=\"27b895a\" data-element_type=\"widget\" data-widget_type=\"wysiwyg_oktane.default\">\n\t\t\t\t<div class=\"elementor-widget-container\">\n\t\t\t\t\t\t\t<div class=\"wysiwyg\"\n        >\n            <div class=\"page-section page-section__wrapper\">\n                <div class=\"wysiwyg__wrapper\">\n                    <div class=\"wysiwyg__content wp-content\">\n                        <h2>A Reliable Source of Information<\/h2><div><p><span lang=\"EN-US\">We believe that the family physician profession is at the heart of the solution to the many problems that have afflicted our healthcare system for far too long.<\/span><\/p><div><span lang=\"EN-US\">We work tirelessly to create a better working environment for general practitioners who dedicate themselves wholeheartedly to the well-being of their patients.<\/span><\/div><\/div><p><br \/>There is a lot of information circulating regarding current legislation, training requirements, and other key topics related to the profession.<\/p><p>The AMOM relays verified and reliable information, particularly to facilitate and improve physicians' access to quality information.<\/p>                    <\/div>\n                <\/div>\n            <\/div>\n\t\t<\/div>\n\t\t\t\t\t\t<\/div>\n\t\t\t\t<\/div>\n\t\t\t\t<div class=\"elementor-element elementor-element-7667210 elementor-widget elementor-widget-eael-creative-button\" data-id=\"7667210\" data-element_type=\"widget\" data-widget_type=\"eael-creative-button.default\">\n\t\t\t\t<div class=\"elementor-widget-container\">\n\t\t\t\t\t        <div class=\"eael-creative-button-wrapper\">\n\n            <a class=\"eael-creative-button eael-creative-button--default\" href=\"https:\/\/www.amom.net\/en\/registration\/\" data-text=\"Go!\">\n            \t    \n                <div class=\"creative-button-inner\">\n\n                    \n                    <span class=\"cretive-button-text\">Become a member<\/span>\n\n                                            <span class=\"eael-creative-button-icon-right\"><svg aria-hidden=\"true\" class=\"e-font-icon-svg e-fas-arrow-right\" viewBox=\"0 0 448 512\" xmlns=\"http:\/\/www.w3.org\/2000\/svg\"><path d=\"M190.5 66.9l22.2-22.2c9.4-9.4 24.6-9.4 33.9 0L441 239c9.4 9.4 9.4 24.6 0 33.9L246.6 467.3c-9.4 9.4-24.6 9.4-33.9 0l-22.2-22.2c-9.5-9.5-9.3-25 .4-34.3L311.4 296H24c-13.3 0-24-10.7-24-24v-32c0-13.3 10.7-24 24-24h287.4L190.9 101.2c-9.8-9.3-10-24.8-.4-34.3z\"><\/path><\/svg><\/span>                                    <\/div>\n\t                        <\/a>\n        <\/div>\n        \t\t\t\t<\/div>\n\t\t\t\t<\/div>\n\t\t\t\t\t<\/div>\n\t\t<\/div>\n\t\t\t\t\t<\/div>\n\t\t<\/section>\n\t\t\t\t<\/div>\n\t\t","protected":false},"excerpt":{"rendered":"<p>The first Association of General Practitioners in Quebec The Association of General Practitioners of Montreal (AMOM), the very first association of general practitioners in Quebec, was founded in 1961. Today, we are one of the 18 associations affiliated with the F\u00e9d\u00e9ration des m\u00e9decins omnipraticiens du Qu\u00e9bec (FMOQ). We represent over 2,300 physicians in the Montreal [&hellip;]<\/p>\n","protected":false},"author":1,"featured_media":0,"parent":0,"menu_order":0,"comment_status":"closed","ping_status":"closed","template":"","meta":{"_acf_changed":false,"footnotes":""},"class_list":["post-4784","page","type-page","status-publish","hentry"],"acf":[],"yoast_head":"<!-- This site is optimized with the Yoast SEO plugin v26.8 - https:\/\/yoast.com\/product\/yoast-seo-wordpress\/ -->\n<title>About us - Association des m\u00e9decins omnipraticiens de Montr\u00e9al<\/title>\n<meta name=\"robots\" content=\"index, follow, max-snippet:-1, max-image-preview:large, max-video-preview:-1\" \/>\n<link rel=\"canonical\" href=\"https:\/\/www.amom.net\/a-propos-de-lamom\/\" \/>\n<meta property=\"og:locale\" content=\"en_US\" \/>\n<meta property=\"og:type\" content=\"article\" \/>\n<meta property=\"og:title\" content=\"About us - Association des m\u00e9decins omnipraticiens de Montr\u00e9al\" \/>\n<meta property=\"og:description\" content=\"The first Association of General Practitioners in Quebec The Association of General Practitioners of Montreal (AMOM), the very first association of general practitioners in Quebec, was founded in 1961. Today, we are one of the 18 associations affiliated with the F\u00e9d\u00e9ration des m\u00e9decins omnipraticiens du Qu\u00e9bec (FMOQ). We represent over 2,300 physicians in the Montreal [&hellip;]\" \/>\n<meta property=\"og:url\" content=\"https:\/\/www.amom.net\/a-propos-de-lamom\/\" \/>\n<meta property=\"og:site_name\" content=\"Association des m\u00e9decins omnipraticiens de Montr\u00e9al\" \/>\n<meta property=\"article:publisher\" content=\"https:\/\/www.facebook.com\/profile.php?id=100064821276218\" \/>\n<meta property=\"article:modified_time\" content=\"2025-03-03T16:01:00+00:00\" \/>\n<meta property=\"og:image\" content=\"https:\/\/www.amom.net\/wp-content\/uploads\/2023\/12\/logo-amom.jpg\" \/>\n\t<meta property=\"og:image:width\" content=\"482\" \/>\n\t<meta property=\"og:image:height\" content=\"239\" \/>\n\t<meta property=\"og:image:type\" content=\"image\/jpeg\" \/>\n<meta name=\"twitter:card\" content=\"summary_large_image\" \/>\n<meta name=\"twitter:label1\" content=\"Est. reading time\" \/>\n\t<meta name=\"twitter:data1\" content=\"2 minutes\" \/>\n<script type=\"application\/ld+json\" class=\"yoast-schema-graph\">{\"@context\":\"https:\/\/schema.org\",\"@graph\":[{\"@type\":\"WebPage\",\"@id\":\"https:\/\/www.amom.net\/a-propos-de-lamom\/\",\"url\":\"https:\/\/www.amom.net\/a-propos-de-lamom\/\",\"name\":\"About us - Association des m\u00e9decins omnipraticiens de Montr\u00e9al\",\"isPartOf\":{\"@id\":\"https:\/\/www.amom.net\/#website\"},\"datePublished\":\"2023-07-05T14:49:20+00:00\",\"dateModified\":\"2025-03-03T16:01:00+00:00\",\"breadcrumb\":{\"@id\":\"https:\/\/www.amom.net\/a-propos-de-lamom\/#breadcrumb\"},\"inLanguage\":\"en-US\",\"potentialAction\":[{\"@type\":\"ReadAction\",\"target\":[\"https:\/\/www.amom.net\/a-propos-de-lamom\/\"]}]},{\"@type\":\"BreadcrumbList\",\"@id\":\"https:\/\/www.amom.net\/a-propos-de-lamom\/#breadcrumb\",\"itemListElement\":[{\"@type\":\"ListItem\",\"position\":1,\"name\":\"Accueil\",\"item\":\"https:\/\/www.amom.net\/\"},{\"@type\":\"ListItem\",\"position\":2,\"name\":\"About us\"}]},{\"@type\":\"WebSite\",\"@id\":\"https:\/\/www.amom.net\/#website\",\"url\":\"https:\/\/www.amom.net\/\",\"name\":\"Association des m\u00e9decins omnipraticiens de Montr\u00e9al\",\"description\":\"\",\"publisher\":{\"@id\":\"https:\/\/www.amom.net\/#organization\"},\"potentialAction\":[{\"@type\":\"SearchAction\",\"target\":{\"@type\":\"EntryPoint\",\"urlTemplate\":\"https:\/\/www.amom.net\/?s={search_term_string}\"},\"query-input\":{\"@type\":\"PropertyValueSpecification\",\"valueRequired\":true,\"valueName\":\"search_term_string\"}}],\"inLanguage\":\"en-US\"},{\"@type\":\"Organization\",\"@id\":\"https:\/\/www.amom.net\/#organization\",\"name\":\"Association des m\u00e9decins omnipraticiens de Montr\u00e9al\",\"url\":\"https:\/\/www.amom.net\/\",\"logo\":{\"@type\":\"ImageObject\",\"inLanguage\":\"en-US\",\"@id\":\"https:\/\/www.amom.net\/#\/schema\/logo\/image\/\",\"url\":\"https:\/\/www.amom.net\/wp-content\/uploads\/2023\/09\/logo-amom-1.svg\",\"contentUrl\":\"https:\/\/www.amom.net\/wp-content\/uploads\/2023\/09\/logo-amom-1.svg\",\"width\":281,\"height\":129,\"caption\":\"Association des m\u00e9decins omnipraticiens de Montr\u00e9al\"},\"image\":{\"@id\":\"https:\/\/www.amom.net\/#\/schema\/logo\/image\/\"},\"sameAs\":[\"https:\/\/www.facebook.com\/profile.php?id=100064821276218\"]}]}<\/script>\n<!-- \/ Yoast SEO plugin. -->","yoast_head_json":{"title":"About us - Association des m\u00e9decins omnipraticiens de Montr\u00e9al","robots":{"index":"index","follow":"follow","max-snippet":"max-snippet:-1","max-image-preview":"max-image-preview:large","max-video-preview":"max-video-preview:-1"},"canonical":"https:\/\/www.amom.net\/a-propos-de-lamom\/","og_locale":"en_US","og_type":"article","og_title":"About us - Association des m\u00e9decins omnipraticiens de Montr\u00e9al","og_description":"The first Association of General Practitioners in Quebec The Association of General Practitioners of Montreal (AMOM), the very first association of general practitioners in Quebec, was founded in 1961. Today, we are one of the 18 associations affiliated with the F\u00e9d\u00e9ration des m\u00e9decins omnipraticiens du Qu\u00e9bec (FMOQ). We represent over 2,300 physicians in the Montreal [&hellip;]","og_url":"https:\/\/www.amom.net\/a-propos-de-lamom\/","og_site_name":"Association des m\u00e9decins omnipraticiens de Montr\u00e9al","article_publisher":"https:\/\/www.facebook.com\/profile.php?id=100064821276218","article_modified_time":"2025-03-03T16:01:00+00:00","og_image":[{"width":482,"height":239,"url":"https:\/\/www.amom.net\/wp-content\/uploads\/2023\/12\/logo-amom.jpg","type":"image\/jpeg"}],"twitter_card":"summary_large_image","twitter_misc":{"Est. reading time":"2 minutes"},"schema":{"@context":"https:\/\/schema.org","@graph":[{"@type":"WebPage","@id":"https:\/\/www.amom.net\/a-propos-de-lamom\/","url":"https:\/\/www.amom.net\/a-propos-de-lamom\/","name":"About us - Association des m\u00e9decins omnipraticiens de Montr\u00e9al","isPartOf":{"@id":"https:\/\/www.amom.net\/#website"},"datePublished":"2023-07-05T14:49:20+00:00","dateModified":"2025-03-03T16:01:00+00:00","breadcrumb":{"@id":"https:\/\/www.amom.net\/a-propos-de-lamom\/#breadcrumb"},"inLanguage":"en-US","potentialAction":[{"@type":"ReadAction","target":["https:\/\/www.amom.net\/a-propos-de-lamom\/"]}]},{"@type":"BreadcrumbList","@id":"https:\/\/www.amom.net\/a-propos-de-lamom\/#breadcrumb","itemListElement":[{"@type":"ListItem","position":1,"name":"Accueil","item":"https:\/\/www.amom.net\/"},{"@type":"ListItem","position":2,"name":"About us"}]},{"@type":"WebSite","@id":"https:\/\/www.amom.net\/#website","url":"https:\/\/www.amom.net\/","name":"Association des m\u00e9decins omnipraticiens de Montr\u00e9al","description":"","publisher":{"@id":"https:\/\/www.amom.net\/#organization"},"potentialAction":[{"@type":"SearchAction","target":{"@type":"EntryPoint","urlTemplate":"https:\/\/www.amom.net\/?s={search_term_string}"},"query-input":{"@type":"PropertyValueSpecification","valueRequired":true,"valueName":"search_term_string"}}],"inLanguage":"en-US"},{"@type":"Organization","@id":"https:\/\/www.amom.net\/#organization","name":"Association des m\u00e9decins omnipraticiens de Montr\u00e9al","url":"https:\/\/www.amom.net\/","logo":{"@type":"ImageObject","inLanguage":"en-US","@id":"https:\/\/www.amom.net\/#\/schema\/logo\/image\/","url":"https:\/\/www.amom.net\/wp-content\/uploads\/2023\/09\/logo-amom-1.svg","contentUrl":"https:\/\/www.amom.net\/wp-content\/uploads\/2023\/09\/logo-amom-1.svg","width":281,"height":129,"caption":"Association des m\u00e9decins omnipraticiens de Montr\u00e9al"},"image":{"@id":"https:\/\/www.amom.net\/#\/schema\/logo\/image\/"},"sameAs":["https:\/\/www.facebook.com\/profile.php?id=100064821276218"]}]}},"_links":{"self":[{"href":"https:\/\/www.amom.net\/en\/wp-json\/wp\/v2\/pages\/4784","targetHints":{"allow":["GET"]}}],"collection":[{"href":"https:\/\/www.amom.net\/en\/wp-json\/wp\/v2\/pages"}],"about":[{"href":"https:\/\/www.amom.net\/en\/wp-json\/wp\/v2\/types\/page"}],"author":[{"embeddable":true,"href":"https:\/\/www.amom.net\/en\/wp-json\/wp\/v2\/users\/1"}],"replies":[{"embeddable":true,"href":"https:\/\/www.amom.net\/en\/wp-json\/wp\/v2\/comments?post=4784"}],"version-history":[{"count":7,"href":"https:\/\/www.amom.net\/en\/wp-json\/wp\/v2\/pages\/4784\/revisions"}],"predecessor-version":[{"id":2739883,"href":"https:\/\/www.amom.net\/en\/wp-json\/wp\/v2\/pages\/4784\/revisions\/2739883"}],"wp:attachment":[{"href":"https:\/\/www.amom.net\/en\/wp-json\/wp\/v2\/media?parent=4784"}],"curies":[{"name":"wp","href":"https:\/\/api.w.org\/{rel}","templated":true}]}}